{"id":249,"date":"2023-07-03T06:25:32","date_gmt":"2023-07-03T06:25:32","guid":{"rendered":"https:\/\/rastimozajedno.tv\/?page_id=249"},"modified":"2025-10-04T11:36:44","modified_gmt":"2025-10-04T11:36:44","slug":"pravila-i-propisi","status":"publish","type":"page","link":"https:\/\/rastimozajedno.tv\/en\/pravila-i-propisi\/","title":{"rendered":"RULES AND REGULATIONS\nEUROPEAN FESTIVAL OF TELEVISION PRODUCTION FOR CHILDREN <br>LET\u2019S GROW TOGETHER"},"content":{"rendered":"<p><\/p>\n\n\n    \n\n\n<div class=\"classic-block wrapper-s\">\n    \n           \n            <h4 style=\"text-align: center;\" class=\" translation-block\"><span class=\"CyrLatIgnore\">I<\/span><br>GENERAL CONDITIONS AND RULES<\/h4>\n<p>&nbsp;<\/p>\n<p>The founder and organizer of the European Festival of Television Production for Children LET\u2019S GROW TOGETHER is the Association for Music and Dramatic Arts, Art Beat Center.<\/p>\n<p>The festival is held in a conventional format. In the event of any epidemiological restrictions regarding public gatherings, the organizers commit to implementing measures in accordance with the decisions of the relevant institutions of the Republic of Serbia. In case of a ban on public gatherings, the festival will be organized in a streaming format on the Festival's website.<\/p>\n<p>The aim of the Festival is to present television content for children and youth, both Serbian and international productions.<br \/>\nThe Festival aims to present top-quality  programs that are <strong>FOR<\/strong> children and youth, not <strong>ABOUT<\/strong> children and youth.<\/p>\n<p>The Festival has a competitive nature.<\/p>\n<h4 style=\"text-align: center;\"><span class=\"CyrLatIgnore\">II<\/span><br \/>\nTHE CONDITIONS OF PARTICIPATION<\/h4>\n<p>&nbsp;<\/p>\n<p>\u2013  The participants of the festival should:<br \/>\n<span class=\"CyrLatIgnore\">I<\/span> Address a wider audience with their productions, meeting the criteria for continuous audience development.<br \/>\n<span class=\"CyrLatIgnore\">II<\/span> Submit innovative and original content that offers a fresh take on a classic genre.<br \/>\n<span class=\"CyrLatIgnore\">III<\/span> Present content that is educational.<br \/>\n<span class=\"CyrLatIgnore\">IV<\/span> Present content that has artistic value.<br \/>\n<span class=\"CyrLatIgnore\">V<\/span> Submit content that has been produced, co-produced, or supported by public broadcasters from the countries they come from, or content of productions that have been broadcast by public broadcasters.<br \/>\n<span class=\"CyrLatIgnore\">VI<\/span> Submit produced content that has been premiered or will be aired between September 1, 2024, and December 31, 2025.<\/p>\n<p><strong>Applications are submitted in six categories:<\/strong><\/p>\n<p><strong>NON-FICTION<\/strong> (scientific series, magazine programs\u2014with or without fictional segments, quizzes, music programs, reality shows... and similar)<br \/>\n\u2013 Up to 6 years non-fiction<br \/>\n\u2013 From 7 to 10 years non-fiction<br \/>\n\u2013 From 11 to 15 years non-fiction<\/p>\n<p><strong>FICTION<\/strong> (scripted stories, dramas, comedies, sitcoms... and similar)<br \/>\n\u2013 Up to 6 years fiction<br \/>\n\u2013 From 7 to 10 years fiction<br \/>\n\u2013 From 11 to 15 years fiction<\/p>\n<p>By applying to the Festival, participants consent to having the submitted content become part of the archive and catalog of the LET\u2019S GROW TOGETHER Festival.<\/p>\n<h4 style=\"text-align: center;\"><span class=\"CyrLatIgnore\">III<\/span><br \/>\nAPPLICATION<\/h4>\n<p>&nbsp;<\/p>\n<p><strong>The Festival is open for applications from: <\/strong><\/p>\n<p><span class=\"CyrLatIgnore\">I<\/span> Public services broadcasters of the participating countries<br \/>\n<span class=\"CyrLatIgnore\">II<\/span> Media  that broadcast content on any platform that airs content according to a regular schedule (TV channels, cable, satellite, and digital television; internet or mobile media that stream content at specific times and according to a set schedule)<br \/>\n<span class=\"CyrLatIgnore\">III<\/span> Media outlets that broadcast content on platforms with archives available for streaming on demand or download (service providers must upload a minimum of 10 entries per month with consistently high view counts (approximately 10,000 subscribers or views for each uploaded video) and professional production standards)<br \/>\n<span class=\"CyrLatIgnore\">IV<\/span> Other organizations that are entitled to submit produced content to the festival, in accordance with agreements with relevant broadcasters from participating countries<br \/>\n<span class=\"CyrLatIgnore\">V<\/span> Productions that have already participated in or been awarded at other festivals and showcases<\/p>\n<p><strong>The submitted content must be commissioned, produced, or co-produced (referring to creative contribution, not just financial investment) by the company or production submitting it, and not acquired or adapted from the work of others.<\/strong><\/p>\n<h4 style=\"text-align: center;\"><span class=\"CyrLatIgnore\">IV<\/span><br \/>\nENTRY RESTRICTIONS<\/h4>\n<p>&nbsp;<\/p>\n<p>\u2013 PRODUCTION COMPANIES (tv stations, independent organizations...etc.)<br \/>\n*** Can submit 1 content per category<\/p>\n<p>\u2013 PROGRAM DISTRIBUTORS<br \/>\n*** 60 minutes of total content (broadcasters, streaming platforms, VOD)<\/p>\n<p>SUBMITTED CONTENT MUST BE:<br \/>\n\u2013 Aired for the first time between September 1, 2024, and December 31, 2025.<br \/>\n\u2013 At least 3 minutes and no more than 45 minutes in length.<br \/>\n\u2013 Identical in duration and content to the program that was aired\/distributed.<br \/>\n\u2013 Limited to only one episode of a series.<br \/>\n\u2013 Subtitled in English.<\/p>\n<p>Submitting productions whose content is in violation of laws and public morals, particularly content that is racist, xenophobic, promotes piracy, hacking techniques, or similar materials, is prohibited and constitutes a breach of Rights and Regulations. The promotion of products, propaganda content, and content that violates the Declaration of Human Rights is also not permitted.<\/p>\n<p>APPLICATION CONTENT<br \/>\n\u2013 Content in MP4 format with subtitles integrated into the video<br \/>\n\u2013 3 photographs from the content production process for display (including the name of the photographer)<br \/>\n\u2013 A brief summary and description of the content in English<\/p>\n<h4 style=\"text-align: center;\"><span class=\"CyrLatIgnore\">V<\/span><br \/>\nLICENCE<br \/>\n<p><\/p><\/h4>\n<p>&nbsp;<\/p>\n<p>Applicants bear full responsibility for the accuracy of the information provided in the application.<\/p>\n<p>By applying, they guarantee that they are the owners of the copyrights and all related rights to the content.<\/p>\n<p>The applicant grants the LET'S GROW TOGETHER Festival non-exclusive, unlimited rights\u2014geographically, temporally, and content-wise\u2014to use the program in whole and\/or<br \/>\nin parts for non-commercial public display within festival events, for educational, research, and training purposes. This also includes TV broadcasts and live streaming (up to 3 minutes).<\/p>\n<p>The applicant grants free of charge:<br \/>\n\u2013 Rights to transfer (parts up to 3 minutes)<br \/>\n\u2013 Rights to enable and distribute for public availability (parts up to 3 minutes)<br \/>\n\u2013 Rights for public display<br \/>\n\u2013 Rights for archiving the program<br \/>\n\u2013 Rights for editing for promotional purposes<br \/>\n\u2013 Rights for printing<br \/>\n\u2013 Rights to make available for display on a protected streaming platform for a limited time period from November 25, 2025, to November 30, 2025, with application data accessible only to the festival jury members and selection team.<\/p>\n<h4 style=\"text-align: center;\"><span class=\"CyrLatIgnore\">VI<\/span><br \/>\nJURY<\/h4>\n<p>&nbsp;<\/p>\n<p>The organizer appoints members of the international jury, qualified individuals selected from among experts in the festival categories.<\/p>\n<p>The organizer arranges for the children's jury to be held in the territory of the Republic of Serbia and the Western Balkans.<\/p>\n<p>The jury selects winners in each festival category. The jury's decision is announced on the final day of the official festival in October. The jury's decision is final and not subject to appeal.<\/p>\n<h4 style=\"text-align: center;\"><span class=\"CyrLatIgnore\">VII<\/span><br \/>\nPRIZES<\/h4>\n<p>&nbsp;<\/p>\n<p>The jury selects winners in each festival category. The jury's decision is announced on the final day of the official festival in October. The jury's decision is final and not subject to appeal.<\/p>\n<h4 style=\"text-align: center;\"><span class=\"CyrLatIgnore\">VIII<\/span><br \/>\nFINAL REGULATIONS<\/h4>\n<p>&nbsp;<\/p>\n<p>The organizer's decisions are final and not subject to appeal.<\/p>\n<p>Applicants and organizers will communicate during the festival via email at <a href=\"mailto:festivalrastimozajedno@gmail.com\"><u>festivalrastimozajedno<\/u><u>@<\/u><u>gmail.com<\/u><\/a><\/p>\n        \n<\/div>\n\n\n\n<p><\/p>","protected":false},"excerpt":{"rendered":"","protected":false},"author":1,"featured_media":0,"parent":0,"menu_order":0,"comment_status":"closed","ping_status":"closed","template":"","meta":{"_acf_changed":false,"footnotes":""},"class_list":["post-249","page","type-page","status-publish","hentry"],"acf":[],"yoast_head":"<!-- This site is optimized with the Yoast SEO plugin v23.6 - https:\/\/yoast.com\/wordpress\/plugins\/seo\/ -->\n<title>PRAVILA I PROPISI EVROPSKOG FESTIVALA TELEVIZIJSKOG STVARALA\u0160TVA ZA DECU RASTIMO ZAJEDNO -<\/title>\n<meta name=\"description\" content=\"Ovde mozete pronaci sva pravila i uslove konkursa. Osniva\u010d i organizator je udru\u017eenje za muzi\u010dko I dramsko stvarala\u0161tvo Art Beat Centar.\" \/>\n<meta name=\"robots\" content=\"index, follow, max-snippet:-1, max-image-preview:large, max-video-preview:-1\" \/>\n<link rel=\"canonical\" href=\"https:\/\/rastimozajedno.tv\/en\/pravila-i-propisi\/\" \/>\n<meta property=\"og:locale\" content=\"en_US\" \/>\n<meta property=\"og:type\" content=\"article\" \/>\n<meta property=\"og:title\" content=\"PRAVILA I PROPISI EVROPSKOG FESTIVALA TELEVIZIJSKOG STVARALA\u0160TVA ZA DECU RASTIMO ZAJEDNO -\" \/>\n<meta property=\"og:description\" content=\"Ovde mozete pronaci sva pravila i uslove konkursa. Osniva\u010d i organizator je udru\u017eenje za muzi\u010dko I dramsko stvarala\u0161tvo Art Beat Centar.\" \/>\n<meta property=\"og:url\" content=\"https:\/\/rastimozajedno.tv\/en\/pravila-i-propisi\/\" \/>\n<meta property=\"og:site_name\" content=\"Rastimo zajedno\" \/>\n<meta property=\"article:modified_time\" content=\"2025-10-04T11:36:44+00:00\" \/>\n<meta name=\"twitter:card\" content=\"summary_large_image\" \/>\n<script type=\"application\/ld+json\" class=\"yoast-schema-graph\">{\"@context\":\"https:\/\/schema.org\",\"@graph\":[{\"@type\":\"WebPage\",\"@id\":\"https:\/\/rastimozajedno.tv\/pravila-i-propisi\/\",\"url\":\"https:\/\/rastimozajedno.tv\/pravila-i-propisi\/\",\"name\":\"PRAVILA I PROPISI EVROPSKOG FESTIVALA TELEVIZIJSKOG STVARALA\u0160TVA ZA DECU RASTIMO ZAJEDNO -\",\"isPartOf\":{\"@id\":\"https:\/\/rastimozajedno.tv\/#website\"},\"datePublished\":\"2023-07-03T06:25:32+00:00\",\"dateModified\":\"2025-10-04T11:36:44+00:00\",\"description\":\"Ovde mozete pronaci sva pravila i uslove konkursa. Osniva\u010d i organizator je udru\u017eenje za muzi\u010dko I dramsko stvarala\u0161tvo Art Beat Centar.\",\"breadcrumb\":{\"@id\":\"https:\/\/rastimozajedno.tv\/pravila-i-propisi\/#breadcrumb\"},\"inLanguage\":\"en-US\",\"potentialAction\":[{\"@type\":\"ReadAction\",\"target\":[\"https:\/\/rastimozajedno.tv\/pravila-i-propisi\/\"]}]},{\"@type\":\"BreadcrumbList\",\"@id\":\"https:\/\/rastimozajedno.tv\/pravila-i-propisi\/#breadcrumb\",\"itemListElement\":[{\"@type\":\"ListItem\",\"position\":1,\"name\":\"Home\",\"item\":\"https:\/\/rastimozajedno.tv\/\"},{\"@type\":\"ListItem\",\"position\":2,\"name\":\"PRAVILA I PROPISI EVROPSKOG FESTIVALA TELEVIZIJSKOG STVARALA\u0160TVA ZA DECU RASTIMO ZAJEDNO\"}]},{\"@type\":\"WebSite\",\"@id\":\"https:\/\/rastimozajedno.tv\/#website\",\"url\":\"https:\/\/rastimozajedno.tv\/\",\"name\":\"Rastimo zajedno\",\"description\":\"Evropski festival televizijskog stvarala\u0161tva za decu\",\"potentialAction\":[{\"@type\":\"SearchAction\",\"target\":{\"@type\":\"EntryPoint\",\"urlTemplate\":\"https:\/\/rastimozajedno.tv\/?s={search_term_string}\"},\"query-input\":{\"@type\":\"PropertyValueSpecification\",\"valueRequired\":true,\"valueName\":\"search_term_string\"}}],\"inLanguage\":\"en-US\"}]}<\/script>\n<!-- \/ Yoast SEO plugin. -->","yoast_head_json":{"title":"PRAVILA I PROPISI EVROPSKOG FESTIVALA TELEVIZIJSKOG STVARALA\u0160TVA ZA DECU RASTIMO ZAJEDNO -","description":"Ovde mozete pronaci sva pravila i uslove konkursa. Osniva\u010d i organizator je udru\u017eenje za muzi\u010dko I dramsko stvarala\u0161tvo Art Beat Centar.","robots":{"index":"index","follow":"follow","max-snippet":"max-snippet:-1","max-image-preview":"max-image-preview:large","max-video-preview":"max-video-preview:-1"},"canonical":"https:\/\/rastimozajedno.tv\/en\/pravila-i-propisi\/","og_locale":"en_US","og_type":"article","og_title":"PRAVILA I PROPISI EVROPSKOG FESTIVALA TELEVIZIJSKOG STVARALA\u0160TVA ZA DECU RASTIMO ZAJEDNO -","og_description":"Ovde mozete pronaci sva pravila i uslove konkursa. Osniva\u010d i organizator je udru\u017eenje za muzi\u010dko I dramsko stvarala\u0161tvo Art Beat Centar.","og_url":"https:\/\/rastimozajedno.tv\/en\/pravila-i-propisi\/","og_site_name":"Rastimo zajedno","article_modified_time":"2025-10-04T11:36:44+00:00","twitter_card":"summary_large_image","schema":{"@context":"https:\/\/schema.org","@graph":[{"@type":"WebPage","@id":"https:\/\/rastimozajedno.tv\/pravila-i-propisi\/","url":"https:\/\/rastimozajedno.tv\/pravila-i-propisi\/","name":"PRAVILA I PROPISI EVROPSKOG FESTIVALA TELEVIZIJSKOG STVARALA\u0160TVA ZA DECU RASTIMO ZAJEDNO -","isPartOf":{"@id":"https:\/\/rastimozajedno.tv\/#website"},"datePublished":"2023-07-03T06:25:32+00:00","dateModified":"2025-10-04T11:36:44+00:00","description":"Ovde mozete pronaci sva pravila i uslove konkursa. Osniva\u010d i organizator je udru\u017eenje za muzi\u010dko I dramsko stvarala\u0161tvo Art Beat Centar.","breadcrumb":{"@id":"https:\/\/rastimozajedno.tv\/pravila-i-propisi\/#breadcrumb"},"inLanguage":"en-US","potentialAction":[{"@type":"ReadAction","target":["https:\/\/rastimozajedno.tv\/pravila-i-propisi\/"]}]},{"@type":"BreadcrumbList","@id":"https:\/\/rastimozajedno.tv\/pravila-i-propisi\/#breadcrumb","itemListElement":[{"@type":"ListItem","position":1,"name":"Home","item":"https:\/\/rastimozajedno.tv\/"},{"@type":"ListItem","position":2,"name":"PRAVILA I PROPISI EVROPSKOG FESTIVALA TELEVIZIJSKOG STVARALA\u0160TVA ZA DECU RASTIMO ZAJEDNO"}]},{"@type":"WebSite","@id":"https:\/\/rastimozajedno.tv\/#website","url":"https:\/\/rastimozajedno.tv\/","name":"Rastimo zajedno","description":"Evropski festival televizijskog stvarala\u0161tva za decu","potentialAction":[{"@type":"SearchAction","target":{"@type":"EntryPoint","urlTemplate":"https:\/\/rastimozajedno.tv\/?s={search_term_string}"},"query-input":{"@type":"PropertyValueSpecification","valueRequired":true,"valueName":"search_term_string"}}],"inLanguage":"en-US"}]}},"_links":{"self":[{"href":"https:\/\/rastimozajedno.tv\/en\/wp-json\/wp\/v2\/pages\/249","targetHints":{"allow":["GET"]}}],"collection":[{"href":"https:\/\/rastimozajedno.tv\/en\/wp-json\/wp\/v2\/pages"}],"about":[{"href":"https:\/\/rastimozajedno.tv\/en\/wp-json\/wp\/v2\/types\/page"}],"author":[{"embeddable":true,"href":"https:\/\/rastimozajedno.tv\/en\/wp-json\/wp\/v2\/users\/1"}],"replies":[{"embeddable":true,"href":"https:\/\/rastimozajedno.tv\/en\/wp-json\/wp\/v2\/comments?post=249"}],"version-history":[{"count":117,"href":"https:\/\/rastimozajedno.tv\/en\/wp-json\/wp\/v2\/pages\/249\/revisions"}],"predecessor-version":[{"id":1601,"href":"https:\/\/rastimozajedno.tv\/en\/wp-json\/wp\/v2\/pages\/249\/revisions\/1601"}],"wp:attachment":[{"href":"https:\/\/rastimozajedno.tv\/en\/wp-json\/wp\/v2\/media?parent=249"}],"curies":[{"name":"wp","href":"https:\/\/api.w.org\/{rel}","templated":true}]}}